{"id":6922,"date":"2024-03-26T00:56:07","date_gmt":"2024-03-25T23:56:07","guid":{"rendered":"https:\/\/rr-rieger.com\/ventile\/vannes-hygieniques-a-siege-incline-lcv-type-y\/"},"modified":"2025-08-22T12:13:35","modified_gmt":"2025-08-22T10:13:35","slug":"vannes-hygieniques-a-siege-incline-lcv-type-y","status":"publish","type":"ventile","link":"https:\/\/rr-rieger.com\/fr\/ventile\/vannes-hygieniques-a-siege-incline-lcv-type-y\/","title":{"rendered":"Vannes \u00e0 si\u00e8ge inclin\u00e9 hygi\u00e9niques LCV type Y"},"template":"","meta":{"product_description":"<p>Les vannes \u00e0 si\u00e8ge LCV de RIEGER se trouvent dans les installations de l'industrie alimentaire. Ils combinent les avantages du corps de vanne sans espace mort avec le concept de l'actionneur de vanne soud\u00e9 sans entretien. L'actionneur \u00e0 ressort peut \u00eatre utilis\u00e9 aussi bien en fermeture qu'en ouverture \u00e0 ressort par simple rotation.<\/p>\n<p>Les vannes d'angle et les vannes d'inversion sont bas\u00e9es sur les m\u00eames bo\u00eetiers. Ils peuvent \u00eatre combin\u00e9s de diff\u00e9rentes mani\u00e8res, ce qui r\u00e9duit le stock de pi\u00e8ces de rechange. Dans leur utilisation quotidienne, les vannes LCV garantissent une grande flexibilit\u00e9 au sein de la gamme et une application parfaite pour vos produits liquides.<\/p>\n","technical_data":"<table border=\"0\" cellpadding=\"0\" align=\"center\">\n<tbody>\n<tr>\n<td><strong>Mat\u00e9riau<\/strong><\/td>\n<td colspan=\"2\">en contact avec le produit<br>non en contact avec le produit<\/td>\n<td>1.4404\/AISI316L<br>1.4301\/AISI304<\/td>\n<\/tr>\n<tr>\n<td><\/td>\n<td colspan=\"2\"><\/td>\n<td><\/td>\n<\/tr>\n<tr>\n<td><strong>Joints d'\u00e9tanch\u00e9it\u00e9<\/strong><\/td>\n<td colspan=\"2\">Joints toriques\/joints d'\u00e9tanch\u00e9it\u00e9<\/td>\n<td>EPDM<br>FKM<\/td>\n<\/tr>\n<tr>\n<td><strong>Temp\u00e9ratures<\/strong><\/td>\n<td colspan=\"2\" rowspan=\"1\">maximum<\/td>\n<td><\/td>\n<\/tr>\n<tr>\n<td><\/td>\n<td colspan=\"2\" rowspan=\"1\">Temp\u00e9rature de fonctionnement continu<\/p>\n<p>Temp\u00e9rature de st\u00e9rilisation<\/p>\n<p>Temp\u00e9rature ambiante<\/td>\n<td>130 \u00b0C*<\/p>\n<p>135 \u00b0C* \u00e0 court terme<br>(environ 20 min)<\/p>\n<p>max. 60 \u00b0C<\/td>\n<\/tr>\n<tr>\n<td><strong>Appuyez sur<\/strong><\/td>\n<td colspan=\"2\">Pression de fermeture<br>sauf DN 100<\/p>\n<p>Pression d'air de commande<br>Raccord d'air<\/p>\n<p>Air de contr\u00f4le<\/td>\n<td>max. 6 bar<br>max. 4,5 bar<\/p>\n<p>min 6 bar -<br>max. 10 bar<\/p>\n<p>1\/8\" pour tuyau de 6 mm<\/p>\n<p>sans huile selon la classe 3<\/td>\n<\/tr>\n<tr>\n<td><strong>Surfaces<\/strong><\/td>\n<td colspan=\"2\">en contact avec le produit<\/p>\n<p>non en contact avec le produit<\/td>\n<td>Ra \u2264 0,8 \u00b5m<\/p>\n<p>Ra \u2264 1,6 \u00b5m<\/td>\n<\/tr>\n<tr>\n<td><\/td>\n<td colspan=\"2\"><\/td>\n<td><\/td>\n<\/tr>\n<tr>\n<td><strong>Raccords<br>Standard-<br>Classes de tuyaux<\/strong><\/td>\n<td colspan=\"3\">DIN 11850-R2 (DIN 11866 A)<\/td>\n<\/tr>\n<\/tbody>\n<\/table>\n<p>\u00a0<\/p>\n<div align=\"center\">  *selon les param\u00e8tres de fonctionnement<\/div>\n","benefits":"<table border=\"0\" cellpadding=\"0\" align=\"center\">\n<tbody>\n<tr>\n<td valign=\"TOP\"><b>Construction<\/b><\/td>\n<td>Pression de fermeture : 6 bar<\/p>\n<p>r\u00e9sistant aux fluides agressifs<\/p>\n<p>pour les r\u00e9p\u00e9teurs ou les t\u00eates de commande<\/p>\n<p>s\u00e9curit\u00e9 maximale gr\u00e2ce \u00e0 un ressort chambr\u00e9<br>dans un entra\u00eenement soud\u00e9<\/p>\n<p>\u00a0<\/p>\n<p>\u00a0<\/td>\n<\/tr>\n<tr>\n<td valign=\"TOP\"><b>Manipulation<br><\/b><\/td>\n<td>sans entretien<\/p>\n<p>Pression d'air requise : 5 - 8 bar<\/p>\n<p>montage\/d\u00e9montage rapide<\/p>\n<p>convient \u00e0 tous les raccords d'air courants<\/p>\n<p>\u00a0<\/p>\n<p>\u00a0<\/td>\n<\/tr>\n<tr>\n<td valign=\"TOP\"><b>Flexibilit\u00e9<\/b><\/td>\n<td>Possibilit\u00e9 de passer d'une ouverture \u00e0 ressort \u00e0 une fermeture \u00e0 ressort et inversement<\/p>\n<p>seulement 3 actionneurs diff\u00e9rents pour tous les diam\u00e8tres nominaux dans un syst\u00e8me modulaire<\/p>\n<p>Booster disponible<\/p>\n<p>au choix, avec adaptation pour tous les boutons de commande courants<\/p>\n<p>utilisation flexible jusqu'\u00e0 165.000 cycles de commutation<\/td>\n<\/tr>\n<\/tbody>\n<\/table>\n","electronic_feedback":"<p><b>T\u00eates de commande B\u00fcrkert recommand\u00e9es avec 24 V CC ou bus ASI<\/b><br>Capteur de d\u00e9placement sans contact \u00e0 trois points de commutation (fonction d'apprentissage) avec 3 r\u00e9p\u00e9teurs internes,<br>1 sortie pour r\u00e9p\u00e9teur externe (r\u00e9p\u00e9teur externe non fourni).<\/p>\n<p><u>Deux alternatives :<\/u><\/p>\n<p>24V D C avec 4 sorties binaires, bornes \u00e0 vis, presse-\u00e9toupe :<\/p>\n<ul>\n<li>0 Electrovanne - voir <a href=\"https:\/\/www.buerkert.de\/de\/produkte\/schalt-und-wegeventile-inkl-magnet-und-prozessventile\/elektromagnetisch-angetrieben\/steuerkopfe-fur-pneumatikantriebe\/196410\" target=\"_blank\" rel=\"noopener\">B\u00fcrkert 0196410 (CT1)<\/a><\/li>\n<li>1 \u00e9lectrovanne - voir <a href=\"https:\/\/www.buerkert.de\/de\/produkte\/prozessventile-und-regelventile\/absperrventile-auf-zu\/pneumatische-ansteuerung\/196411\" target=\"_blank\" rel=\"noopener\">B\u00fcrkert 0196411 (CT2)<\/a><\/li>\n<li>2 \u00e9lectrovannes - voir <a href=\"https:\/\/www.buerkert.de\/de\/produkte\/prozessventile-und-regelventile\/absperrventile-auf-zu\/pneumatische-ansteuerung\/196412\" target=\"_blank\" rel=\"noopener\">B\u00fcrkert 0196412 (CT3)<\/a><\/li>\n<\/ul>\n<p>AS-Interface avec 62 esclaves maximum, borne de c\u00e2ble plat avec 1 m de c\u00e2ble<\/p>\n<ul>\n<li>1 \u00e9lectrovanne - voir <a href=\"https:\/\/www.buerkert.de\/de\/produkte\/prozessventile-und-regelventile\/prozessventil-automatisierung\/auf-zu\/196431\" target=\"_blank\" rel=\"noopener\">B\u00fcrkert 0196431 (CT5)<\/a><\/li>\n<li>2 \u00e9lectrovannes - voir <a href=\"https:\/\/www.buerkert.de\/de\/produkte\/prozessventile-und-regelventile\/prozessventil-automatisierung\/auf-zu\/196432\" target=\"_blank\" rel=\"noopener\">B\u00fcrkert 0196432 (CT6)<\/a><\/li>\n<\/ul>\n<p><u>Notes :<\/u><\/p>\n<ul>\n<li>0 \u00e9lectrovanne, par exemple pour les vannes monosi\u00e8ges - fonction de r\u00e9troaction uniquement<\/li>\n<li>1 \u00e9lectrovanne, par exemple pour les vannes monosi\u00e8ges avec actionneur NF ou NO<\/li>\n<li>2 \u00e9lectrovannes, par exemple pour les vannes monosi\u00e8ges avec actionneur air\/air ou les vannes \u00e0 double si\u00e8ge N5, N9<\/li>\n<\/ul>\n<p>Pour plus de d\u00e9tails, voir le site web de B\u00fcrkert <a href=\"https:\/\/www.buerkert.de\/de\" target=\"_blank\" rel=\"noopener\">www.buerkert.de<\/a><\/p>\n","special_alloys":"<p>Toutes les vannes sont disponibles dans des mat\u00e9riaux sp\u00e9ciaux tels que <b>Hastelloy\u00ae C-22, 1.4539\/904L, 1.4529, AL-6XN\u00ae <\/b>et <b>autres <\/b>.<\/p>\n<p>Renseignez-vous directement aupr\u00e8s de nous :<br><a href=\"mailto:sales@rr-rieger.de\">sales@rr-rieger.de<\/a><br>T\u00e9l.<\/p>\n","image":"10258","valve_category":"hygienic_valves"},"class_list":["post-6922","ventile","type-ventile","status-publish","hentry"],"yoast_head":"<!-- This site is optimized with the Yoast SEO plugin v27.5 - https:\/\/yoast.com\/product\/yoast-seo-wordpress\/ -->\n<title>Vannes \u00e0 si\u00e8ge inclin\u00e9 hygi\u00e9niques LCV type Y | Rieger<\/title>\n<meta name=\"robots\" content=\"index, follow, max-snippet:-1, max-image-preview:large, max-video-preview:-1\" \/>\n<link rel=\"canonical\" href=\"https:\/\/rr-rieger.com\/fr\/ventile\/vannes-hygieniques-a-siege-incline-lcv-type-y\/\" \/>\n<meta property=\"og:locale\" content=\"fr_FR\" \/>\n<meta property=\"og:type\" content=\"article\" \/>\n<meta property=\"og:title\" content=\"Vannes \u00e0 si\u00e8ge inclin\u00e9 hygi\u00e9niques LCV type Y | Rieger\" \/>\n<meta property=\"og:url\" content=\"https:\/\/rr-rieger.com\/fr\/ventile\/vannes-hygieniques-a-siege-incline-lcv-type-y\/\" \/>\n<meta property=\"og:site_name\" content=\"Rieger\" \/>\n<meta property=\"article:modified_time\" content=\"2025-08-22T10:13:35+00:00\" \/>\n<meta property=\"og:image\" content=\"https:\/\/rr-rieger.com\/wp-content\/uploads\/2024\/04\/ventilknoten-2.jpeg\" \/>\n\t<meta property=\"og:image:width\" content=\"400\" \/>\n\t<meta property=\"og:image:height\" content=\"266\" \/>\n\t<meta property=\"og:image:type\" content=\"image\/jpeg\" \/>\n<meta name=\"twitter:card\" content=\"summary_large_image\" \/>\n<script type=\"application\/ld+json\" class=\"yoast-schema-graph\">{\"@context\":\"https:\\\/\\\/schema.org\",\"@graph\":[{\"@type\":\"WebPage\",\"@id\":\"https:\\\/\\\/rr-rieger.com\\\/fr\\\/ventile\\\/vannes-hygieniques-a-siege-incline-lcv-type-y\\\/\",\"url\":\"https:\\\/\\\/rr-rieger.com\\\/fr\\\/ventile\\\/vannes-hygieniques-a-siege-incline-lcv-type-y\\\/\",\"name\":\"Vannes \u00e0 si\u00e8ge inclin\u00e9 hygi\u00e9niques LCV type Y | Rieger\",\"isPartOf\":{\"@id\":\"https:\\\/\\\/rr-rieger.com\\\/fr\\\/#website\"},\"datePublished\":\"2024-03-25T23:56:07+00:00\",\"dateModified\":\"2025-08-22T10:13:35+00:00\",\"breadcrumb\":{\"@id\":\"https:\\\/\\\/rr-rieger.com\\\/fr\\\/ventile\\\/vannes-hygieniques-a-siege-incline-lcv-type-y\\\/#breadcrumb\"},\"inLanguage\":\"fr-FR\",\"potentialAction\":[{\"@type\":\"ReadAction\",\"target\":[\"https:\\\/\\\/rr-rieger.com\\\/fr\\\/ventile\\\/vannes-hygieniques-a-siege-incline-lcv-type-y\\\/\"]}]},{\"@type\":\"BreadcrumbList\",\"@id\":\"https:\\\/\\\/rr-rieger.com\\\/fr\\\/ventile\\\/vannes-hygieniques-a-siege-incline-lcv-type-y\\\/#breadcrumb\",\"itemListElement\":[{\"@type\":\"ListItem\",\"position\":1,\"name\":\"Startseite\",\"item\":\"https:\\\/\\\/rr-rieger.com\\\/fr\\\/page-daccueil\\\/\"},{\"@type\":\"ListItem\",\"position\":2,\"name\":\"Ventile\",\"item\":\"https:\\\/\\\/rr-rieger.com\\\/fr\\\/ventile\\\/\"},{\"@type\":\"ListItem\",\"position\":3,\"name\":\"Vannes \u00e0 si\u00e8ge inclin\u00e9 hygi\u00e9niques LCV type Y\"}]},{\"@type\":\"WebSite\",\"@id\":\"https:\\\/\\\/rr-rieger.com\\\/fr\\\/#website\",\"url\":\"https:\\\/\\\/rr-rieger.com\\\/fr\\\/\",\"name\":\"Rieger\",\"description\":\"\",\"publisher\":{\"@id\":\"https:\\\/\\\/rr-rieger.com\\\/fr\\\/#organization\"},\"potentialAction\":[{\"@type\":\"SearchAction\",\"target\":{\"@type\":\"EntryPoint\",\"urlTemplate\":\"https:\\\/\\\/rr-rieger.com\\\/fr\\\/?s={search_term_string}\"},\"query-input\":{\"@type\":\"PropertyValueSpecification\",\"valueRequired\":true,\"valueName\":\"search_term_string\"}}],\"inLanguage\":\"fr-FR\"},{\"@type\":\"Organization\",\"@id\":\"https:\\\/\\\/rr-rieger.com\\\/fr\\\/#organization\",\"name\":\"Gebr. Rieger GmbH + Co. KG\",\"alternateName\":\"Rieger Ventile\",\"url\":\"https:\\\/\\\/rr-rieger.com\\\/fr\\\/\",\"logo\":{\"@type\":\"ImageObject\",\"inLanguage\":\"fr-FR\",\"@id\":\"https:\\\/\\\/rr-rieger.com\\\/fr\\\/#\\\/schema\\\/logo\\\/image\\\/\",\"url\":\"https:\\\/\\\/rr-rieger.com\\\/wp-content\\\/uploads\\\/2024\\\/02\\\/Rieger_Logo_rgb.svg\",\"contentUrl\":\"https:\\\/\\\/rr-rieger.com\\\/wp-content\\\/uploads\\\/2024\\\/02\\\/Rieger_Logo_rgb.svg\",\"width\":321,\"height\":148,\"caption\":\"Gebr. Rieger GmbH + Co. KG\"},\"image\":{\"@id\":\"https:\\\/\\\/rr-rieger.com\\\/fr\\\/#\\\/schema\\\/logo\\\/image\\\/\"},\"sameAs\":[\"https:\\\/\\\/www.linkedin.com\\\/company\\\/gebr-rieger-gmbh-co-kg\",\"https:\\\/\\\/www.xing.com\\\/pages\\\/gebr-riegergmbh-co-kg\",\"https:\\\/\\\/www.youtube.com\\\/channel\\\/UCqQFMV0rzMqaov3sR3nNBqw\",\"https:\\\/\\\/vimeo.com\\\/gebrrieger\"]}]}<\/script>\n<!-- \/ Yoast SEO plugin. -->","yoast_head_json":{"title":"Vannes \u00e0 si\u00e8ge inclin\u00e9 hygi\u00e9niques LCV type Y | Rieger","robots":{"index":"index","follow":"follow","max-snippet":"max-snippet:-1","max-image-preview":"max-image-preview:large","max-video-preview":"max-video-preview:-1"},"canonical":"https:\/\/rr-rieger.com\/fr\/ventile\/vannes-hygieniques-a-siege-incline-lcv-type-y\/","og_locale":"fr_FR","og_type":"article","og_title":"Vannes \u00e0 si\u00e8ge inclin\u00e9 hygi\u00e9niques LCV type Y | Rieger","og_url":"https:\/\/rr-rieger.com\/fr\/ventile\/vannes-hygieniques-a-siege-incline-lcv-type-y\/","og_site_name":"Rieger","article_modified_time":"2025-08-22T10:13:35+00:00","og_image":[{"width":400,"height":266,"url":"https:\/\/rr-rieger.com\/wp-content\/uploads\/2024\/04\/ventilknoten-2.jpeg","type":"image\/jpeg"}],"twitter_card":"summary_large_image","schema":{"@context":"https:\/\/schema.org","@graph":[{"@type":"WebPage","@id":"https:\/\/rr-rieger.com\/fr\/ventile\/vannes-hygieniques-a-siege-incline-lcv-type-y\/","url":"https:\/\/rr-rieger.com\/fr\/ventile\/vannes-hygieniques-a-siege-incline-lcv-type-y\/","name":"Vannes \u00e0 si\u00e8ge inclin\u00e9 hygi\u00e9niques LCV type Y | Rieger","isPartOf":{"@id":"https:\/\/rr-rieger.com\/fr\/#website"},"datePublished":"2024-03-25T23:56:07+00:00","dateModified":"2025-08-22T10:13:35+00:00","breadcrumb":{"@id":"https:\/\/rr-rieger.com\/fr\/ventile\/vannes-hygieniques-a-siege-incline-lcv-type-y\/#breadcrumb"},"inLanguage":"fr-FR","potentialAction":[{"@type":"ReadAction","target":["https:\/\/rr-rieger.com\/fr\/ventile\/vannes-hygieniques-a-siege-incline-lcv-type-y\/"]}]},{"@type":"BreadcrumbList","@id":"https:\/\/rr-rieger.com\/fr\/ventile\/vannes-hygieniques-a-siege-incline-lcv-type-y\/#breadcrumb","itemListElement":[{"@type":"ListItem","position":1,"name":"Startseite","item":"https:\/\/rr-rieger.com\/fr\/page-daccueil\/"},{"@type":"ListItem","position":2,"name":"Ventile","item":"https:\/\/rr-rieger.com\/fr\/ventile\/"},{"@type":"ListItem","position":3,"name":"Vannes \u00e0 si\u00e8ge inclin\u00e9 hygi\u00e9niques LCV type Y"}]},{"@type":"WebSite","@id":"https:\/\/rr-rieger.com\/fr\/#website","url":"https:\/\/rr-rieger.com\/fr\/","name":"Rieger","description":"","publisher":{"@id":"https:\/\/rr-rieger.com\/fr\/#organization"},"potentialAction":[{"@type":"SearchAction","target":{"@type":"EntryPoint","urlTemplate":"https:\/\/rr-rieger.com\/fr\/?s={search_term_string}"},"query-input":{"@type":"PropertyValueSpecification","valueRequired":true,"valueName":"search_term_string"}}],"inLanguage":"fr-FR"},{"@type":"Organization","@id":"https:\/\/rr-rieger.com\/fr\/#organization","name":"Gebr. Rieger GmbH + Co. KG","alternateName":"Rieger Ventile","url":"https:\/\/rr-rieger.com\/fr\/","logo":{"@type":"ImageObject","inLanguage":"fr-FR","@id":"https:\/\/rr-rieger.com\/fr\/#\/schema\/logo\/image\/","url":"https:\/\/rr-rieger.com\/wp-content\/uploads\/2024\/02\/Rieger_Logo_rgb.svg","contentUrl":"https:\/\/rr-rieger.com\/wp-content\/uploads\/2024\/02\/Rieger_Logo_rgb.svg","width":321,"height":148,"caption":"Gebr. Rieger GmbH + Co. KG"},"image":{"@id":"https:\/\/rr-rieger.com\/fr\/#\/schema\/logo\/image\/"},"sameAs":["https:\/\/www.linkedin.com\/company\/gebr-rieger-gmbh-co-kg","https:\/\/www.xing.com\/pages\/gebr-riegergmbh-co-kg","https:\/\/www.youtube.com\/channel\/UCqQFMV0rzMqaov3sR3nNBqw","https:\/\/vimeo.com\/gebrrieger"]}]}},"_links":{"self":[{"href":"https:\/\/rr-rieger.com\/fr\/wp-json\/wp\/v2\/ventile\/6922","targetHints":{"allow":["GET"]}}],"collection":[{"href":"https:\/\/rr-rieger.com\/fr\/wp-json\/wp\/v2\/ventile"}],"about":[{"href":"https:\/\/rr-rieger.com\/fr\/wp-json\/wp\/v2\/types\/ventile"}],"version-history":[{"count":1,"href":"https:\/\/rr-rieger.com\/fr\/wp-json\/wp\/v2\/ventile\/6922\/revisions"}],"predecessor-version":[{"id":10266,"href":"https:\/\/rr-rieger.com\/fr\/wp-json\/wp\/v2\/ventile\/6922\/revisions\/10266"}],"wp:attachment":[{"href":"https:\/\/rr-rieger.com\/fr\/wp-json\/wp\/v2\/media?parent=6922"}],"curies":[{"name":"wp","href":"https:\/\/api.w.org\/{rel}","templated":true}]}}